{"id":39,"date":"2013-11-22T21:46:05","date_gmt":"2013-11-22T21:46:05","guid":{"rendered":"http:\/\/kuenstlerbunt-multicolor.com\/?page_id=39"},"modified":"2026-02-09T18:37:14","modified_gmt":"2026-02-09T18:37:14","slug":"termine","status":"publish","type":"page","link":"https:\/\/kuenstlerbunt-multicolor.com\/?page_id=39","title":{"rendered":"Termine"},"content":{"rendered":"\n<h2 class=\"wp-block-heading\">Veranstaltungen 2026<\/h2>\n\n\n\n<ul class=\"wp-block-list\">\n<li>17. bis 22. September <strong>&#8222;Wir spannen den Schirm&#8220;<\/strong><br>Ausstellung in der Henrichsh\u00fctte, Hattingen<\/li>\n\n\n\n<li>2. bis 8. November <strong>&#8222;1 qm Europa&#8220;<\/strong><br>Ausstellung in Br\u00fcssel im EU-Parlament<\/li>\n<\/ul>\n\n\n\n<hr class=\"wp-block-separator has-alpha-channel-opacity is-style-wide\"\/>\n\n\n\n<h2 class=\"wp-block-heading\"><strong>Veranstaltungen 2025<\/strong><\/h2>\n\n\n\n<p><strong>Samstag, 28. Juni 2025 ab 18.00 Uhr<\/strong><br>auf dem gro\u00dfen Event  Extra-Schicht \u2013 Nacht der Industriekultur<\/p>\n\n\n\n<p>&#8222;<strong>Mandala im Labyrinth<\/strong>&#8222;<br>MultiColor-Mitglieder gestalten ein 12 x 12 m gro\u00dfes begehbares Labyrinth mit einem Mandala aus Naturmaterialien in der Mitte.<br><a href=\"https:\/\/kuenstlerbunt-multicolor.com\/wp-content\/uploads\/2025\/06\/LageplanHH.pdf\">Lageplan<\/a><\/p>\n\n\n\n<figure class=\"wp-block-image size-large is-resized\"><a href=\"https:\/\/kuenstlerbunt-multicolor.com\/wp-content\/uploads\/2025\/06\/LageplanHH.jpg\"><img loading=\"lazy\" decoding=\"async\" width=\"1024\" height=\"724\" src=\"https:\/\/kuenstlerbunt-multicolor.com\/wp-content\/uploads\/2025\/06\/LageplanHH-1024x724.jpg\" alt=\"\" class=\"wp-image-2173\" style=\"width:416px;height:auto\" srcset=\"https:\/\/kuenstlerbunt-multicolor.com\/wp-content\/uploads\/2025\/06\/LageplanHH-1024x724.jpg 1024w, https:\/\/kuenstlerbunt-multicolor.com\/wp-content\/uploads\/2025\/06\/LageplanHH-300x212.jpg 300w, https:\/\/kuenstlerbunt-multicolor.com\/wp-content\/uploads\/2025\/06\/LageplanHH-768x543.jpg 768w, https:\/\/kuenstlerbunt-multicolor.com\/wp-content\/uploads\/2025\/06\/LageplanHH.jpg 1312w\" sizes=\"auto, (max-width: 1024px) 100vw, 1024px\" \/><\/a><\/figure>\n\n\n\n<hr class=\"wp-block-separator has-alpha-channel-opacity is-style-wide\"\/>\n\n\n\n<p><strong>2. M\u00e4rz 2025 um 16.00 Uhr<\/strong><br><strong>NEUE GALERIE des Kunstverein Hattingen e.V.<\/strong><br>Bahnhofstr. 18 a, 45525 Hattingen<br><br>&#8222;<strong>Sei klug und halte dich an Wunder<\/strong>&#8222;<br>Gedanken \u00fcber das Leben<br>Hommage an Mascha Kal\u00e9ko<br><br><strong>Lesung <\/strong>von<strong> <a href=\"https:\/\/www.kayotes.de\">K\u00e4the J.S. Wissmann<\/a><\/strong><br>mit musikalischer Begleitung von<br><a href=\"https:\/\/www.ohrwelt.de\"><strong>Mathias Wittekopf<\/strong><\/a><\/p>\n\n\n\n<hr class=\"wp-block-separator has-alpha-channel-opacity is-style-wide\"\/>\n\n\n\n<p><strong>26. Januar bis 16. M\u00e4rz 2025<\/strong><br><strong>NEUE GALERIE des Kunstverein Hattingen e.V.<\/strong><br>Bahnhofstr. 18 a, 45525 Hattingen<\/p>\n\n\n\n<p><strong><em>&#8222;Was ich immer schon &#8222;sagen&#8220; wollte &#8230;..&#8220;<\/em><\/strong><br>Gruppenausstellung von MultiColor<\/p>\n\n\n\n<p><strong>Vernissage am Sonntag 26. Januar um 17.00 Uhr<\/strong><br>Begr\u00fc\u00dfung B\u00fcrgermeister Dirk Glaser<br>Einf\u00fchrung Christiane Nicolai, Vorsitzende Kunstverein<br>Finissage am Sonntag 16. M\u00e4rz um 17 Uhr<\/p>\n\n\n\n<hr class=\"wp-block-separator has-alpha-channel-opacity is-style-wide\"\/>\n\n\n\n<h2 class=\"wp-block-heading\"><strong>Veranstaltungen 2024<\/strong><\/h2>\n\n\n\n<p><strong>8. bis 10. November 2024<\/strong><br><strong>MARTINI &#8211; AUSSTELLUNG<\/strong><br><strong>Ausstellung von kreativem Kunsthandwerk passend zur Jahreszeit <\/strong><br><strong>mit traditionellen und aktuellen Trends in der Gebl\u00e4sehalle<\/strong><br>im LWL Museum Hattingen, Werkstra\u00dfe 31-33<br><a href=\"https:\/\/kuenstlerbunt-multicolor.com\/\" data-type=\"page\" data-id=\"55\">N\u00e4here Infos<\/a><\/p>\n\n\n\n<hr class=\"wp-block-separator has-alpha-channel-opacity is-style-wide\"\/>\n\n\n\n<p><strong>8. bis 11. August<\/strong><br><strong><em>Workshop und Ausstellung <\/em>\u201e<em>Arbeiten mit Maulbeerbaumrinde<\/em>\u201c<\/strong> <br>in der Shetdachhalle des LWL-Industriemuseums Henrichsh\u00fctte Hattingen<br>mit der Papierk\u00fcnstlerin Monika Drobek<br><a href=\"https:\/\/kuenstlerbunt-multicolor.com\/\" data-type=\"page\" data-id=\"55\">N\u00e4here Infos<\/a><\/p>\n\n\n\n<hr class=\"wp-block-separator has-alpha-channel-opacity is-style-wide\"\/>\n\n\n\n<figure class=\"wp-block-image size-large is-resized\"><a href=\"https:\/\/kuenstlerbunt-multicolor.com\/wp-content\/uploads\/2024\/02\/Eu_Ueberschrift.jpg\"><img loading=\"lazy\" decoding=\"async\" width=\"1024\" height=\"128\" src=\"https:\/\/kuenstlerbunt-multicolor.com\/wp-content\/uploads\/2024\/02\/Eu_Ueberschrift-1024x128.jpg\" alt=\"\" class=\"wp-image-1810\" style=\"width:197px;height:auto\" srcset=\"https:\/\/kuenstlerbunt-multicolor.com\/wp-content\/uploads\/2024\/02\/Eu_Ueberschrift-1024x128.jpg 1024w, https:\/\/kuenstlerbunt-multicolor.com\/wp-content\/uploads\/2024\/02\/Eu_Ueberschrift-300x37.jpg 300w, https:\/\/kuenstlerbunt-multicolor.com\/wp-content\/uploads\/2024\/02\/Eu_Ueberschrift-768x96.jpg 768w, https:\/\/kuenstlerbunt-multicolor.com\/wp-content\/uploads\/2024\/02\/Eu_Ueberschrift-1536x192.jpg 1536w, https:\/\/kuenstlerbunt-multicolor.com\/wp-content\/uploads\/2024\/02\/Eu_Ueberschrift.jpg 1955w\" sizes=\"auto, (max-width: 1024px) 100vw, 1024px\" \/><\/a><\/figure>\n\n\n\n<p>Ein Kunstprojekt von K\u00fcnstlerBunt MultiColor und Gastk\u00fcnstlern<br>im Museum Haus Kemnade<br>An der Kemnade 10, 45527 Hattingen<\/p>\n\n\n\n<p><strong>Er\u00f6ffnung<br>Samstag, 14. M\u00e4rz um 17.00 Uhr<\/strong><br>Ausstellungsdauer vom 16. M\u00e4rz bis 14. April 2024<\/p>\n\n\n\n<div class=\"wp-block-group\"><div class=\"wp-block-group__inner-container is-layout-constrained wp-block-group-is-layout-constrained\">\n<hr class=\"wp-block-separator alignwide has-alpha-channel-opacity is-style-wide\"\/>\n<\/div><\/div>\n\n\n\n<h2 class=\"wp-block-heading\"><strong>Veranstaltungen 2023<\/strong><\/h2>\n\n\n\n<p><strong>Martini-Ausstellung der Kunsthandwerker 2023<\/strong><\/p>\n\n\n<div class=\"wp-block-image\">\n<figure class=\"alignright\"><a href=\"https:\/\/kuenstlerbunt-multicolor.com\/wp-content\/uploads\/2013\/11\/Laterne2014.jpg\"><img loading=\"lazy\" decoding=\"async\" width=\"150\" height=\"150\" src=\"https:\/\/kuenstlerbunt-multicolor.com\/wp-content\/uploads\/2013\/11\/Laterne2014-150x150.jpg\" alt=\"\" class=\"wp-image-293\"\/><\/a><\/figure>\n<\/div>\n\n\n<p><br>von Freitag, 03.11.2023, 16.00 Uhr bis<br>Sonntag, 05.11.2023, 17.00 Uhr<br>in der Gebl\u00e4sehalle des LWL-Industriemuseums Henrichsh\u00fctte Hattingen<\/p>\n\n\n\n<ul class=\"wp-block-list\">\n<li><strong><mark style=\"background-color:rgba(0, 0, 0, 0)\" class=\"has-inline-color has-red-color\">Macht mit bei der Martini-Ausstellung der Kunsthandwerker*innen.<\/mark><\/strong><\/li>\n<\/ul>\n\n\n\n<p>Vortreffen am Mittwoch 27.September 2023 ab 19.30 Uhr im Henrichs, LWL-Industriemuseum Henrichsh\u00fctte Hattingen f\u00fcr die nicht kommerziellen Ausstellerinnen und Aussteller zum Kennenlernen und Anmelden und zur Vorbereitung der Martini-Ausstellung der Kunsthandwerker*innen, die in diesem Jahr vom 3. bis zum 5. November 2023 in der gro\u00dfen Gebl\u00e4sehalle des LWL Industriemuseums Henrichsh\u00fctte stattfinden wird.<\/p>\n\n\n\n<p>Das Interesse der Aussteller*innen ist wieder riesengro\u00df, deshalb m\u00f6chten wir uns rechtzeitig zur Vorbereitung treffen. Die Organisatoren freuen sich nicht nur auf die Ausstellung, sondern schon auf das Vortreffen mit vielen alt-bekannten und neuen Kunsthandwerker\/innen.<\/p>\n\n\n\n<p>Infos unter: 02324 951473 oder christiane.nicolai@nico-waelzlager.de<\/p>\n\n\n\n<hr class=\"wp-block-separator aligncenter has-alpha-channel-opacity is-style-wide\"\/>\n\n\n\n<figure class=\"wp-block-image size-large\"><a href=\"https:\/\/kuenstlerbunt-multicolor.com\/wp-content\/uploads\/2023\/08\/kulturlinie_programmplakat-Kopie.jpg\"><img loading=\"lazy\" decoding=\"async\" width=\"723\" height=\"1024\" src=\"https:\/\/kuenstlerbunt-multicolor.com\/wp-content\/uploads\/2023\/08\/kulturlinie_programmplakat-Kopie-723x1024.jpg\" alt=\"\" class=\"wp-image-1668\" srcset=\"https:\/\/kuenstlerbunt-multicolor.com\/wp-content\/uploads\/2023\/08\/kulturlinie_programmplakat-Kopie-723x1024.jpg 723w, https:\/\/kuenstlerbunt-multicolor.com\/wp-content\/uploads\/2023\/08\/kulturlinie_programmplakat-Kopie-212x300.jpg 212w, https:\/\/kuenstlerbunt-multicolor.com\/wp-content\/uploads\/2023\/08\/kulturlinie_programmplakat-Kopie-768x1087.jpg 768w, https:\/\/kuenstlerbunt-multicolor.com\/wp-content\/uploads\/2023\/08\/kulturlinie_programmplakat-Kopie-1085x1536.jpg 1085w, https:\/\/kuenstlerbunt-multicolor.com\/wp-content\/uploads\/2023\/08\/kulturlinie_programmplakat-Kopie-1446x2048.jpg 1446w, https:\/\/kuenstlerbunt-multicolor.com\/wp-content\/uploads\/2023\/08\/kulturlinie_programmplakat-Kopie.jpg 1500w\" sizes=\"auto, (max-width: 723px) 100vw, 723px\" \/><\/a><\/figure>\n\n\n\n<hr class=\"wp-block-separator has-alpha-channel-opacity is-style-wide\"\/>\n\n\n\n<p><strong>Veranstaltungen 2022<\/strong><\/p>\n\n\n<p><a href=\"https:\/\/kuenstlerbunt-multicolor.com\/wp-content\/uploads\/2013\/11\/Laterne2014.jpg\"><img loading=\"lazy\" decoding=\"async\" class=\"alignright size-thumbnail wp-image-293\" src=\"https:\/\/kuenstlerbunt-multicolor.com\/wp-content\/uploads\/2013\/11\/Laterne2014-150x150.jpg\" alt=\"\" width=\"150\" height=\"150\"><\/a><strong data-rich-text-format-boundary=\"true\">Martini-Ausstellung der Kunsthandwerker 2022<\/strong><br data-rich-text-line-break=\"true\">von Freitag, 04.11.2021, 16.00 Uhr bis <br \/>Sonntag, 06.11.2021, 17.00 Uhr<br data-rich-text-line-break=\"true\">in der Gebl\u00e4sehalle des LWL-Industriemuseums Henrichsh\u00fctte Hattingen<br data-rich-text-line-break=\"true\"><a href=\"https:\/\/kuenstlerbunt-multicolor.com\/?page_id=55\" target=\"_blank\" rel=\"noopener\">N\u00e4here Infos<\/a><\/p>\n<p><strong data-rich-text-format-boundary=\"true\">Butterflies<\/strong> <br data-rich-text-line-break=\"true\">Hochofenb\u00fchne des LWL Industriemuseums Henrichsh\u00fctte, Hattingen.<br data-rich-text-line-break=\"true\"><strong>Er\u00f6ffnung am Freitag, 24.6.2022<\/strong>, Einla\u00df ab 17.30 Uhr &#8211; kostenlos &#8211;<br data-rich-text-line-break=\"true\">Das gro\u00dfe Event \u201eExtra-Schicht \u2013 Nacht der Industriekultur\u201c im LWL <br data-rich-text-line-break=\"true\">am <strong>Samstag, 25.6.2022 ab 18.00 Uhr<\/strong> &#8211; Eintritt zur Extraschicht &#8211;<\/p>\n\n\n<hr class=\"wp-block-separator has-css-opacity is-style-wide\"\/>\n\n\n<p><strong>Veranstaltungen 2021<\/strong><\/p>\n<p><strong>Martini-Ausstellung der Kunsthandwerker 2021<\/strong><br \/>von Freitag, 12.11.2021, 16.00 h bis Sonntag, 14.11.2021, 17.00 h<br \/>in der Gebl\u00e4sehalle des LWL-Industriemuseums Henrichsh\u00fctte Hattingen<br \/><a href=\"https:\/\/kuenstlerbunt-multicolor.com\/?page_id=55\" target=\"_blank\" rel=\"noopener\">N\u00e4here Infos<\/a><\/p>\n<hr>\n<p><strong>Veranstaltungen 2020<\/strong><\/p>\n<p class=\"moz-quote-pre\"><strong>Open-Air-Galerie auf Staffeleien im Kr\u00e4mersdorf in Hattingen<br \/><\/strong>unter der Schirmherrschaft von B\u00fcrgermeister Dirk Glaser<strong><br \/><\/strong><\/p>\n<p class=\"moz-quote-pre\"><strong>Freitag, 11.9.2020 von 17.00 bis 19.00 Uhr<br \/><\/strong> und am<br \/><strong>Samstag, 12.9.2020 von 12.00 bis 17.00 Uhr<\/strong><\/p>\n<p class=\"moz-quote-pre\">12 K\u00fcnstlerinnen und K\u00fcnstler der Gruppe K\u00fcnstlerBunt MultiColor zeigen ihre Werke auf Staffeleien und geben gleichzeitig an kleinen Tischen Einblicke in ihre Maltechniken und laden Passanten ein, ihnen beim Arbeiten &#8222;\u00fcber die Schulter zu schauen&#8220;, nat\u00fcrlich mit entsprechendem Corona-Schutz! Es ist den Malerinnen und Malern ein wesentliches Anliegen, die Kunst wieder in die Mitte der Gesellschaft zu holen in den derzeitigen Corona-Zeiten, denn Arbeiten und Besuche in Ateliers und Galerien unterliegen der strikten Einhaltung von Gesundheitsvorsorge-Ma\u00dfnahmen.<\/p>\n<p class=\"moz-quote-pre\">Die Wahl auf das Kr\u00e4mersorf fiel in diesem Jahr nach unserem sehr sch\u00f6nen K\u00fcnstlerfest im letzten Jahr unter dem Titel &#8222;Natur pur&#8220; am Haus Kemnade auf das Kr\u00e4mersdorf, weil hier die M\u00f6glichkeit besteht, in der Stadt open air Kunst in diesen Corona-Zeiten zu zeigen, hier Abst\u00e4nde durch den Staffelei-Aufbau eingehalten werden k\u00f6nnen und auch beim Masken-Tragen der Schutz der Besucher\/innen gewahrt werden kann.<\/p>\n<p class=\"moz-quote-pre\">Als besonderes Highlight haben die K\u00fcnstlerinnen und K\u00fcnstler den in Hattingen gut bekannten Action-Painter Thom Schulte eingeladen, der mit Beginn der D\u00e4mmerung&nbsp; am Freitag ab ca. 19 Uhr ein gro\u00dfformatiges Gem\u00e4lde nach einer Tanz-Performance mit klassischer Musik-Untermalung gestalten wird. Ein Augen-Ohren-Erfahrungs-Genu\u00df der ganz besonderen Art. Die Malerinnen und Maler freuen sich darauf, mit ihrem Publikum ins Gespr\u00e4ch \u00fcber die Kunst zu kommen und laden ganz herzlich dazu ein!<\/p>\n<p><strong><a href=\"https:\/\/kuenstlerbunt-multicolor.com\/wp-content\/uploads\/2020\/08\/Dapha-Kalender_2021_LAY5-1-Kopie.jpg\"><img loading=\"lazy\" decoding=\"async\" class=\"alignleft size-medium wp-image-1478\" src=\"https:\/\/kuenstlerbunt-multicolor.com\/wp-content\/uploads\/2020\/08\/Dapha-Kalender_2021_LAY5-1-Kopie-216x300.jpg\" alt=\"\" width=\"216\" height=\"300\" srcset=\"https:\/\/kuenstlerbunt-multicolor.com\/wp-content\/uploads\/2020\/08\/Dapha-Kalender_2021_LAY5-1-Kopie-216x300.jpg 216w, https:\/\/kuenstlerbunt-multicolor.com\/wp-content\/uploads\/2020\/08\/Dapha-Kalender_2021_LAY5-1-Kopie-768x1068.jpg 768w, https:\/\/kuenstlerbunt-multicolor.com\/wp-content\/uploads\/2020\/08\/Dapha-Kalender_2021_LAY5-1-Kopie-736x1024.jpg 736w\" sizes=\"auto, (max-width: 216px) 100vw, 216px\" \/><\/a>Sonntag 23. August 2020 um 17.00 Uhr<br \/>DApha-Kalender 2021<\/strong><br \/>Vorstellung auf der Finisage von Andrea M\u00fcller<br \/><em>&#8222;Bilder aus dem Atelier &#8211; Malen in Corona-Zeiten&#8220;<br \/><\/em>in der Galerie NEUE R\u00c4UME des Kunstverein Hattingen e.V.<em><br \/><\/em><\/p>\n<ul>\n<li class=\"moz-quote-pre\">Pressetermin mit den Sponsoren und Verantwortlichen des Kalenders am Dienstag, 25.8.2020, 15.00 Uhr im Foyer des LWL Industriemuseums Henrichsh\u00fctte Hattingen.<\/li>\n<li class=\"moz-quote-pre\">Der Preis des Kalenders ist 9,00 Euro im Direktverkauf.<br \/>Bestellungen gern auch \u00fcber unsere Homepage.<\/li>\n<\/ul>\n<p><em>&nbsp;<\/em><\/p>\n<p>TAPETENWECHSEL<br \/>Mittwoch 3. Juni 2020 um 18.00 Uhr<br \/>in der Galerie NEUE R\u00c4UME des Kunstverein Hattingen e.V.<strong><br \/><a href=\"https:\/\/kuenstlerbunt-multicolor.com\/?page_id=55\" target=\"_blank\" rel=\"noopener noreferrer\">Mehr Informationen<\/a><br \/><\/strong><\/p>\n<hr>\n<p><strong>Veranstaltungen 2019<\/strong><\/p>\n<p><strong><span style=\"color: #800000;\">3. November 2019 um 11.30 Uhr<img loading=\"lazy\" decoding=\"async\" class=\"wp-image-1366 alignleft\" src=\"https:\/\/kuenstlerbunt-multicolor.com\/wp-content\/uploads\/2019\/10\/einladung_kalenderprojekt_seite1-Kopie-498x1024.jpg\" alt=\"\" data-wp-editing=\"1\" width=\"246\" height=\"506\" srcset=\"https:\/\/kuenstlerbunt-multicolor.com\/wp-content\/uploads\/2019\/10\/einladung_kalenderprojekt_seite1-Kopie-498x1024.jpg 498w, https:\/\/kuenstlerbunt-multicolor.com\/wp-content\/uploads\/2019\/10\/einladung_kalenderprojekt_seite1-Kopie-146x300.jpg 146w, https:\/\/kuenstlerbunt-multicolor.com\/wp-content\/uploads\/2019\/10\/einladung_kalenderprojekt_seite1-Kopie-768x1580.jpg 768w, https:\/\/kuenstlerbunt-multicolor.com\/wp-content\/uploads\/2019\/10\/einladung_kalenderprojekt_seite1-Kopie.jpg 1240w\" sizes=\"auto, (max-width: 246px) 100vw, 246px\" \/><\/span><\/strong><\/p>\n<p><strong>Er\u00f6ffnung&nbsp; <a href=\"https:\/\/kuenstlerbunt-multicolor.com\/?page_id=55\">KALENDERPROJEKT<\/a><br \/>DAphA-Kalender Aphorismen und Bilder<\/strong><\/p>\n<ul>\n<li><strong>Pr\u00e4sentation der 40 Auswahlbilder<\/strong><\/li>\n<li><strong>Vortrag der 41 dazugeh\u00f6rigen Aphorismen<\/strong><\/li>\n<\/ul>\n<p>Shetdachhalle des<br \/>LWL Industriemuseum Henrichsh\u00fctte<br \/>Werkstr. 31-33, 45527 Hattingen<\/p>\n<p><strong>8. und 9. September 2019<br \/>\u201eNATUR PUR\u201c<\/strong><br \/>Kunstprojekt von MultiColor<br \/>am Tag des Offenen Denkmals an der<strong> Wasserburg&nbsp; Kemnade<\/strong><span style=\"color: #ffffff;\">x<\/span><\/p>\n<p><strong>7. Januar 2019 um 13.00 Uhr<\/strong><br \/><strong>Er\u00f6ffnung<\/strong> des <a href=\"https:\/\/kuenstlerbunt-multicolor.com\/?page_id=1047\" target=\"_blank\" rel=\"noopener noreferrer\"><strong>Paletten-Kunstprojekts &#8222;EUREKA EUROPA&#8220;<\/strong><\/a><br \/><strong>im Europa-Parlament in Br\u00fcssel<\/strong><\/p>\n<hr>\n<p><span style=\"color: #ffffff;\">x<\/span><\/p>\n<p><strong>Veranstaltungen 2018<\/strong><\/p>\n<p><strong>3. November 2018 um 16.00 Uhr<\/strong><br \/><strong>Er\u00f6ffnung des <\/strong><a href=\"https:\/\/kuenstlerbunt-multicolor.com\/?page_id=1047\" target=\"_blank\" rel=\"noopener noreferrer\"><strong>Paletten-Kunstprojekts &#8222;EUREKA EUROPA&#8220;<\/strong> <\/a><br \/>in der Shetdachhalle des LWL Industriemuseums Henrichsh\u00fctte in Hattingen<\/p>\n<p><strong><a href=\"https:\/\/kuenstlerbunt-multicolor.com\/wp-content\/uploads\/2013\/11\/europawerke_einzelseiten_komp.pdf\" target=\"_blank\" rel=\"noopener noreferrer\">1.Juli 2018 &#8222;EUREKA EUROPA&#8220;<\/a><br \/><a href=\"https:\/\/kuenstlerbunt-multicolor.com\/wp-content\/uploads\/2013\/11\/europawerke_einzelseiten_komp.pdf\" target=\"_blank\" rel=\"noopener noreferrer\"> Kulturzentrum Elfringhausen<\/a><br \/><\/strong><\/p>\n<p><strong>K\u00fcnstlerBunt MultiColor<\/strong><strong> plant &nbsp;2018&nbsp; ein Kunstprojekt, basierend auf Euro-Paletten,<br \/>unter dem Titel:<\/strong><\/p>\n<p style=\"padding-left: 30px;\"><strong><a href=\"https:\/\/kuenstlerbunt-multicolor.com\/wp-content\/uploads\/2013\/11\/einladung_eureka_europa.pdf\">&#8222;EUREKA EUROPA&#8220;<\/a><\/strong><\/p>\n<p>K\u00fcnstlerBunt MultiColor hat in den vergangenen Jahren sehr erfolgreich mehrere Workshop-Ausstellungen<br \/>durchgef\u00fchrt. So z.B. auf dem Gel\u00e4nde des LWL-Industriemuseums Henrichsh\u00fctte mit einem \u201eH\u00fctten-Brand\u201c oder im<br \/>Schulenberger Wald eine Ausstellung \u201eNatur-Art\u201c. Hier haben sich die Mitglieder jeweils einem einheitlichen Thema<br \/>oder einem einheitlichen Werkstoff gewidmet und sich damit k\u00fcnstlerisch auseinandergesetzt.<br \/>In diesem Jahr soll der erweiterte Politik-Bereich Europa k\u00fcnstlerisch erarbeitet werden. In einem Wochenend-<br \/>Workshop werden die einzelnen Kunstwerke, alle auf Euro-Paletten basierend, unter sehr unterschiedlichen Aspekten<br \/>zum Thema \u201eEureka Europa!\u201c erstellt und f\u00fcr die aktuelle Ausstellung vorbereitet.<br \/>Der Zeitpunkt \u2013 ein Jahr vor der n\u00e4chsten Wahl zum Europa-Parlament \u2013 erscheint uns wichtig, soll doch vielen<br \/>Menschen in unserem Land auch durch k\u00fcnstlerische \u00dcberh\u00f6hung bewu\u00dft gemacht werden, wie pr\u00e4gend und<br \/>lebenswichtig f\u00fcr jeden von uns Europa ist!<\/p>\n<p>Schirmherrin wird Frau Dr. Renate Sommer, MdEP<\/p>\n<hr>\n<p><strong>Veranstaltungen 2017<\/strong><\/p>\n<p><a href=\"https:\/\/kuenstlerbunt-multicolor.com\/?attachment_id=983\" rel=\"attachment wp-att-983\"><img loading=\"lazy\" decoding=\"async\" class=\"alignright size-medium wp-image-983\" src=\"https:\/\/kuenstlerbunt-multicolor.com\/wp-content\/uploads\/2013\/11\/seite1_herbst2017_mc_web-300x300.jpg\" alt=\"seite1_herbst2017_mc_web\" width=\"300\" height=\"300\" srcset=\"https:\/\/kuenstlerbunt-multicolor.com\/wp-content\/uploads\/2013\/11\/seite1_herbst2017_mc_web-300x300.jpg 300w, https:\/\/kuenstlerbunt-multicolor.com\/wp-content\/uploads\/2013\/11\/seite1_herbst2017_mc_web-150x150.jpg 150w, https:\/\/kuenstlerbunt-multicolor.com\/wp-content\/uploads\/2013\/11\/seite1_herbst2017_mc_web-768x768.jpg 768w, https:\/\/kuenstlerbunt-multicolor.com\/wp-content\/uploads\/2013\/11\/seite1_herbst2017_mc_web.jpg 1001w\" sizes=\"auto, (max-width: 300px) 100vw, 300px\" \/><\/a><\/p>\n<p><strong>15. &#8211; 25. Oktober 2107<\/strong><\/p>\n<p><strong><span style=\"color: #ff6600;\"><a href=\"https:\/\/kuenstlerbunt-multicolor.com\/wp-content\/uploads\/2013\/11\/seite1_herbst2017_mc_web.pdf\" target=\"_blank\" rel=\"noopener noreferrer\">Herbst 2017<\/a><\/span><\/strong><\/p>\n<p>Kunstausstellung mit Werken von MultiColor-Mitgliedern und G\u00e4sten<br \/>in der Shetdachhalle des LWL Industriemuseums Henrichsh\u00fctte<\/p>\n<p>Zur V<strong>ernissage mit Wortperformance und Kurzfilmen<\/strong><br \/><strong>am Sonntag, den 15. Oktober um 12.00 Uhr<\/strong><br \/>laden wir Sie und Ihre Freunde herzlich ein.<\/p>\n<p><strong>10. &#8211; 19. M\u00e4rz 2017<\/strong><\/p>\n<p><strong><a href=\"https:\/\/kuenstlerbunt-multicolor.com\/wp-content\/uploads\/2013\/11\/einladung_mc20jahre.pdf\">20 Jahre K\u00fcnstlerBunt MultiColor<\/a><\/strong><\/p>\n<p>Jubil\u00e4umsausstellung mit aktiven und ehemaligen Mitgliedern<\/p>\n<p><strong>im LWL Industriemuseum Henrichsh\u00fctte Hattingen, Werkstra\u00dfe 31-33 <\/strong><strong>Gebl\u00e4sehalle<\/strong><\/p>\n<p>Zur<strong> Er\u00f6ffnung am Freitag, den 10. M\u00e4rz um 18.00 Uhr<\/strong><br \/>laden wir Sie und Ihre Freunde herzlich ein.<\/p>\n<p><a href=\"https:\/\/kuenstlerbunt-multicolor.com\/wp-content\/uploads\/2013\/11\/einladung_mc20jahre.pdf\"><img loading=\"lazy\" decoding=\"async\" class=\"alignleft wp-image-976 size-full\" src=\"https:\/\/kuenstlerbunt-multicolor.com\/wp-content\/uploads\/2013\/11\/seite1_einladung_mc_20jahre1-Kopie.jpg\" alt=\"seite1_einladung_mc_20jahre1 Kopie\" width=\"612\" height=\"298\" srcset=\"https:\/\/kuenstlerbunt-multicolor.com\/wp-content\/uploads\/2013\/11\/seite1_einladung_mc_20jahre1-Kopie.jpg 612w, https:\/\/kuenstlerbunt-multicolor.com\/wp-content\/uploads\/2013\/11\/seite1_einladung_mc_20jahre1-Kopie-300x146.jpg 300w\" sizes=\"auto, (max-width: 612px) 100vw, 612px\" \/><\/a><\/p>\n<h3>&nbsp;<\/h3>\n<p><strong>Veranstaltungen im November 2016<\/strong><\/p>\n<h4><strong><a href=\"https:\/\/kuenstlerbunt-multicolor.com\/wp-content\/uploads\/2013\/11\/Plakat-Martini-Ausstellung-2016.pdf\" target=\"_blank\" rel=\"noopener noreferrer\">Martini-Ausstellung der Kunsthandwerker<\/a><\/strong><\/h4>\n<p><strong>11.11.2016 &#8211; 13.11.2016<\/strong><\/p>\n<p><strong>im LWL Industriemuseum Henrichsh\u00fctte Hattingen, Werkstra\u00dfe 31-33 <\/strong><strong>Gebl\u00e4sehalle<\/strong><\/p>\n<ul>\n<li>Am 10.11.2016 ab 16.30 Uhr findet ein Laternen-Basteln mit Fl\u00fcchtlingskindern im LWL statt, zu dem wir ebenfalls herzlich einladen. Die Laternen werden dann im Zug am 11.11.2016 ab 17 Uhr auch von den Kindern getragen.<\/li>\n<\/ul>\n<h4><strong><a href=\"https:\/\/kuenstlerbunt-multicolor.com\/wp-content\/uploads\/2013\/11\/FrauenGESTALTEN_02-1.pdf\" target=\"_blank\" rel=\"noopener noreferrer\">FrauenGestalten<\/a><\/strong><\/h4>\n<p><strong>21. November 2016 &#8211; 15. Januar 2017<\/strong><br \/><strong>Stadtmuseum Hattingen, Marktplatz 1\u22123<\/strong><\/p>\n<p>Zur <strong>Vernissage am Sonntag, den 20. November um 16 Uhr<\/strong><br \/>laden wir Sie und Ihre Freunde herzlich ein.<\/p>\n<p><img loading=\"lazy\" decoding=\"async\" class=\"wp-image-922 aligncenter\" src=\"https:\/\/kuenstlerbunt-multicolor.com\/wp-content\/uploads\/2013\/11\/Seiten-aus-FrauenGESTALTEN_02-1-300x154.jpg\" alt=\"seiten-aus-frauengestalten_02-1\" width=\"600\" height=\"309\" srcset=\"https:\/\/kuenstlerbunt-multicolor.com\/wp-content\/uploads\/2013\/11\/Seiten-aus-FrauenGESTALTEN_02-1-300x154.jpg 300w, https:\/\/kuenstlerbunt-multicolor.com\/wp-content\/uploads\/2013\/11\/Seiten-aus-FrauenGESTALTEN_02-1-768x395.jpg 768w, https:\/\/kuenstlerbunt-multicolor.com\/wp-content\/uploads\/2013\/11\/Seiten-aus-FrauenGESTALTEN_02-1-1024x527.jpg 1024w\" sizes=\"auto, (max-width: 600px) 100vw, 600px\" \/><\/p>\n<p>Die Planung der Pr\u00e4sentation FrauenGESTALTEN basiert auf der Ausstellung des Kunstverein Hattingen e.V.<br \/>\u201eEine starke Frau \u2013 ein starkes Leben\u201c zur Anneke-Preisverleihung im Fr\u00fchjahr 2015. Das Thema \u201eStarke Frauen\u201c<br \/>rief im Vorfeld eine intensive Diskussion hervor, dass die K\u00fcnstlerinnen und K\u00fcnstler dar\u00fcber hinaus das Engagement<br \/>von Frauen spiegeln wollten, die auf den K\u00e4mpfen der Frauenrechtlerinnen ruhen und Ver\u00e4nderungen in<br \/>allen gesellschaftlichen Bereichen erzielten und sich nicht nur auf die Wirkung einer Einzelperson festlegen lassen.<br \/>So kam eine beeindruckende Auswahl von weiblichen Ber\u00fchmtheiten zustande, die ihre Sch\u00f6pfer und Sch\u00f6pferinnen<br \/>inspiriert haben \u2013 ganz unterschiedlich und sehr pers\u00f6nlich \u2013 die Frauen, die ihrer Meinung nach eindrucksvoll<br \/>gestaltet haben aber auch ganz hervorragende Frauengestalten waren. Die Zitate, die Portraits und Skulpturen<br \/>zeigen K\u00fcnstlerinnen, Wissenschaftlerinnen, Schriftstellerinnen, Frauenrechtlerinnen vom Mittelalter bis in die Neuzeit.<\/p>\n<hr>\n<p><strong>\u00dcberblick 2016<\/strong><\/p>\n<ul>\n<li><strong>6. Mai bis 5. Juni 2016<a href=\"https:\/\/kuenstlerbunt-multicolor.com\/?attachment_id=884\" rel=\"attachment wp-att-884\"><img loading=\"lazy\" decoding=\"async\" class=\"alignright wp-image-884\" src=\"https:\/\/kuenstlerbunt-multicolor.com\/wp-content\/uploads\/2013\/11\/zumwohl_mc-300x146.jpg\" alt=\"zumwohl_mc\" width=\"350\" height=\"170\" srcset=\"https:\/\/kuenstlerbunt-multicolor.com\/wp-content\/uploads\/2013\/11\/zumwohl_mc-300x146.jpg 300w, https:\/\/kuenstlerbunt-multicolor.com\/wp-content\/uploads\/2013\/11\/zumwohl_mc-768x373.jpg 768w, https:\/\/kuenstlerbunt-multicolor.com\/wp-content\/uploads\/2013\/11\/zumwohl_mc-1024x498.jpg 1024w\" sizes=\"auto, (max-width: 350px) 100vw, 350px\" \/><\/a><br \/><a href=\"https:\/\/kuenstlerbunt-multicolor.com\/wp-content\/uploads\/2013\/11\/zumwohl_mc_web.pdf\" target=\"_blank\" rel=\"noopener noreferrer\">Zum Wohl<\/a><br \/><\/strong>Bilder &#8211; Skulpturen &#8211; Tonobjekte<br \/>Shetdachhalle des LWL Industriemuseum Henrichsh\u00fctte<br \/>Werkstr. 31-33, 45527 Hattingen<br \/><strong>Vernissage mit Begr\u00fc\u00dfungcocktails<\/strong><br \/><strong>Freitag 6. Mai 2016 um 20.00 Uhr<br \/><\/strong><\/li>\n<li><strong>3. September 2016<\/strong><br \/><span style=\"color: #008000;\"><strong>Nat\u00fcrlich &#8211; Natur<\/strong><\/span><br \/><strong>Natur-Kunstprojekt&nbsp; zum Mitmachen<\/strong><br \/><strong> im Schulenburger Wald in Hattingen<\/strong><\/li>\n<\/ul>\n<p style=\"padding-left: 30px;\"><a href=\"https:\/\/kuenstlerbunt-multicolor.com\/?attachment_id=914\" rel=\"attachment wp-att-914\"><img loading=\"lazy\" decoding=\"async\" class=\"wp-image-914 size-full alignleft\" src=\"https:\/\/kuenstlerbunt-multicolor.com\/wp-content\/uploads\/2013\/11\/Wald-und-Stein.jpg\" alt=\"Wald und Stein\" width=\"312\" height=\"161\" srcset=\"https:\/\/kuenstlerbunt-multicolor.com\/wp-content\/uploads\/2013\/11\/Wald-und-Stein.jpg 312w, https:\/\/kuenstlerbunt-multicolor.com\/wp-content\/uploads\/2013\/11\/Wald-und-Stein-300x155.jpg 300w\" sizes=\"auto, (max-width: 312px) 100vw, 312px\" \/><\/a>An der Gro\u00dfen Schutzh\u00fctte im Schulenbergwald (Am Hansberg)<br \/>werden mit nat\u00fcrlichen Materialien tempor\u00e4re Kunstwerke geschaffen:<\/p>\n<p style=\"padding-left: 30px;\">10 K\u00fcnstlerinnen treffen sich am <strong>Samstag, 3. September 2016 ab 10 Uhr,<\/strong> um vor Ort ein Labyrinth, ein gro\u00dfes Spinnennetz, einen Laubengang, ein Mandala, ein Bildnis der Natur zu erstellen<br \/>und dort f\u00fcr ca. eine Woche in der Natur zu belassen um den Entwicklungsprozess zu studieren.<br \/>Es handelt sich um den j\u00e4hrlichen Workshop, der immer mit anderen Teilnehmern und zu &#8222;fremden&#8220; Themen von K\u00fcnstlerBunt MultiColor angeboten wird. Dort haben dann die K\u00fcnstlerinnen und K\u00fcnstler Gelegenheit, sich selbst in f\u00fcr sie fremden Techniken und Anwendungen auszuprobieren und in die t\u00e4gliche Arbeit einfliessen zu lassen. Bisherige inspirierende<br \/>Ereignisse waren Gips-, Airbrush-, Linolschnitt-Kurse aber auch ein rauchiger H\u00fcttenbrand mit erstaunlichen<br \/>Ergebnissen f\u00fcr die K\u00fcnstler, die normalerweise mit Acryl und Aquarell auf Leinwand umgehen.<\/p>\n<p style=\"padding-left: 30px;\">Nun soll es die Arbeit mit Naturmaterialien direkt vor Ort im Wald sein.<br \/>Ansatz ist der wundersch\u00f6ne Ort an der Gro\u00dfen Schutzh\u00fctte, der auch bei Regen gute Aufenthaltsqualit\u00e4ten<br \/>bietet. Mit ins Boot genommen haben die K\u00fcnstlerinnen Hanna Ludwig-Schmidhuber, Erika C. Koch, Manja Dessel,<br \/>K\u00e4the J. S. Wissmann, Ulla Steinwachs, Monika Pahl, Ursula Lindner, Resi Schnieber, Christiane Nicolai und Elke Wallace den Verein KICK um Inge Berger, dem es auch um die Wertigkeit dieser Schutzh\u00fctte im Wald geht, die erst vor zwei Jahren nach der Renovierung wieder der B\u00fcrgerschaft \u00fcbergeben werden konnte.<\/p>\n<ul>\n<li style=\"list-style-type: none;\">\n<ul>\n<li><strong>An musikalische Unterhaltung ab 12 Uhr ist gedacht.<\/strong><\/li>\n<li><strong>Die Begr\u00fcssung \u00fcbernimmt B\u00fcrgermeister Dirk Glaser.<\/strong><\/li>\n<li><strong>Wer Lust hat, kann einfach am Samstag, 3.9.2016 vormittags mitmachen.<\/strong> Voraussetzung ist die Verwendung von nat\u00fcrlich vorhandenem Material. Anleitung kann gegeben werden.<br \/>Die Pr\u00e4sentation endet sp\u00e4testens am 10.9.2016 um 16 Uhr.<\/li>\n<\/ul>\n<\/li>\n<\/ul>\n<p><a href=\"https:\/\/kuenstlerbunt-multicolor.com\/?attachment_id=513\" rel=\"attachment wp-att-513\"><img loading=\"lazy\" decoding=\"async\" class=\"alignright wp-image-513 size-medium\" src=\"https:\/\/kuenstlerbunt-multicolor.com\/wp-content\/uploads\/2014\/12\/PICT8917-300x199.jpg\" alt=\"\" width=\"300\" height=\"199\" srcset=\"https:\/\/kuenstlerbunt-multicolor.com\/wp-content\/uploads\/2014\/12\/PICT8917-300x199.jpg 300w, https:\/\/kuenstlerbunt-multicolor.com\/wp-content\/uploads\/2014\/12\/PICT8917-1024x681.jpg 1024w\" sizes=\"auto, (max-width: 300px) 100vw, 300px\" \/><\/a><\/p>\n<p><strong>&nbsp;<\/strong><\/p>\n\n\n<p><\/p>\n","protected":false},"excerpt":{"rendered":"<p>Veranstaltungen 2026 Veranstaltungen 2025 Samstag, 28. Juni 2025 ab 18.00 Uhrauf dem gro\u00dfen Event Extra-Schicht \u2013 Nacht der Industriekultur &#8222;Mandala im Labyrinth&#8222;MultiColor-Mitglieder gestalten ein 12 x 12 m gro\u00dfes begehbares Labyrinth mit einem Mandala aus Naturmaterialien in der Mitte.Lageplan 2. M\u00e4rz 2025 um 16.00 UhrNEUE GALERIE des Kunstverein Hattingen e.V.Bahnhofstr. 18 a, 45525 Hattingen &#8222;Sei &hellip; <a href=\"https:\/\/kuenstlerbunt-multicolor.com\/?page_id=39\" class=\"more-link\"><span class=\"screen-reader-text\">Termine<\/span> weiterlesen <span class=\"meta-nav\">&rarr;<\/span><\/a><\/p>\n","protected":false},"author":1,"featured_media":0,"parent":0,"menu_order":2,"comment_status":"closed","ping_status":"closed","template":"","meta":{"ngg_post_thumbnail":0,"footnotes":""},"class_list":["post-39","page","type-page","status-publish","hentry"],"_links":{"self":[{"href":"https:\/\/kuenstlerbunt-multicolor.com\/index.php?rest_route=\/wp\/v2\/pages\/39","targetHints":{"allow":["GET"]}}],"collection":[{"href":"https:\/\/kuenstlerbunt-multicolor.com\/index.php?rest_route=\/wp\/v2\/pages"}],"about":[{"href":"https:\/\/kuenstlerbunt-multicolor.com\/index.php?rest_route=\/wp\/v2\/types\/page"}],"author":[{"embeddable":true,"href":"https:\/\/kuenstlerbunt-multicolor.com\/index.php?rest_route=\/wp\/v2\/users\/1"}],"replies":[{"embeddable":true,"href":"https:\/\/kuenstlerbunt-multicolor.com\/index.php?rest_route=%2Fwp%2Fv2%2Fcomments&post=39"}],"version-history":[{"count":104,"href":"https:\/\/kuenstlerbunt-multicolor.com\/index.php?rest_route=\/wp\/v2\/pages\/39\/revisions"}],"predecessor-version":[{"id":2338,"href":"https:\/\/kuenstlerbunt-multicolor.com\/index.php?rest_route=\/wp\/v2\/pages\/39\/revisions\/2338"}],"wp:attachment":[{"href":"https:\/\/kuenstlerbunt-multicolor.com\/index.php?rest_route=%2Fwp%2Fv2%2Fmedia&parent=39"}],"curies":[{"name":"wp","href":"https:\/\/api.w.org\/{rel}","templated":true}]}}